{"id":1252,"date":"2011-06-15T14:18:48","date_gmt":"2011-06-15T14:18:48","guid":{"rendered":"http:\/\/cnprsv.ro\/?page_id=1252"},"modified":"2024-10-11T15:37:35","modified_gmt":"2024-10-11T13:37:35","slug":"1252-2","status":"publish","type":"page","link":"https:\/\/cnprsv.ro\/?page_id=1252","title":{"rendered":"Mobilitate individual\u0103 Comenius"},"content":{"rendered":"<p style=\"text-align: center;\">&nbsp;<\/p>\n<p style=\"text-align: center;\"><strong>Cursul de formare individual\u0103,<br \/>\nProgramul de \u00eenv\u0103\u0163are pe tot parcursul vie\u0163ii,<br \/>\nSubprogramul Comenius<\/strong><\/p>\n<p>&nbsp;<\/p>\n<p style=\"padding-left: 1px;\"><strong>Numele cursantului<\/strong>: Anca Vieriu<br \/>\n<strong>Institu\u0163ia de <\/strong><strong>\u00eenv\u0103\u0163\u0103m\u00e2nt<\/strong>: Colegiul Na\u0163ional \u201cPetru Rare\u015f\u201d, Suceava<br \/>\n<strong>Num\u0103rul formularului de aplica\u0163ie<\/strong>: 11-882-CG-SE<br \/>\n<strong>Titlul cursului<\/strong>: <em>Outdoors Environmental Education. Taking Learning Outdoor<\/em><br \/>\n<strong>Num\u0103rul de referin\u0163\u0103 al cursului<\/strong>: SE-2011-127-002<br \/>\n<strong>Cofinan\u0163area cursului<\/strong>: Comenius \u015fi FSE<br \/>\n<strong>Organizatorul activit\u0103\u0163ii de formare<\/strong>: Kinda Municipality \u2013 Kinda Kommun \u2013 Kinda\u00a0\u00a0\u00a0 Education Centre<br \/>\n<strong>Locul de desf\u0103\u015furare<\/strong>: Suedia (localit\u0103\u0163ile Rimforsa \u015fi Linkoping)<br \/>\n<strong>Perioada de desf\u0103\u015furare<\/strong>: 15-22 mai 2011<br \/>\n<strong>Participan\u0163i<\/strong>: profesori din Rom\u00e2nia, Belgia, Lituania, Slovenia, Turcia, Grecia, Cipru, Finlanda<\/p>\n<p>&nbsp;<\/p>\n<p>Cursul s-a dorit o pledoarie pentru educa\u0163ia outdoors, pentru alegerea altor spa\u0163ii (sociale sau naturale) care s\u0103 poat\u0103 \u00eenlocui perimetrul restrictiv al unei clase de curs, pentru atingerea nivelului unei mai bune \u00een\u0163elegeri a alterit\u0103\u0163ii \u015fi a dinamicii grupului, pentru cre\u015fterea respectului fa\u0163\u0103 de cerin\u0163ele personalit\u0103\u0163ii fiec\u0103ruia. Organizatorii activit\u0103\u0163ilor au propus o abordare deopotriv\u0103 activ\u0103 \u015fi reflexiv\u0103 a actului didactic, o nou\u0103 viziune asupra procesului de \u00eenv\u0103\u0163are pe tot parcursul vie\u0163ii, un mod de a \u00een\u0163elege omul ca o fiin\u0163\u0103 dependent\u0103 de natur\u0103, integrat\u0103 \u00een natur\u0103. Parcul, gr\u0103dina, paji\u015ftea, p\u0103durea, pe\u015ftera, lacul \u2013 toate pot deveni teritorii pe care\u00a0 dasc\u0103lul le integreaz\u0103 \u00een ac\u0163iunea de formare a personalit\u0103\u0163ii elevilor s\u0103i.<\/p>\n<p>Demersul didactic trebuie s\u0103 se \u00eentemeieze, \u00een mod firesc, pe convingerea c\u0103 elevul se dezvolt\u0103 numai printr-o corect\u0103 ajustare a actului ra\u0163ionaliz\u0103rii la efortul experien\u0163ei practice, \u00eentr-un proces continuu de cunoa\u015ftere plasat\u0103 \u00een ac\u0163iune. Spa\u0163iul outdoors este, astfel, folosit de profesorii suedezi ca un suport al armoniz\u0103rii lui \u201ea g\u00e2ndi\u201d cu \u201ea face\u201d.<\/p>\n<p>Cursul din Suedia a oferit imaginea unor dasc\u0103li care \u015ftiu s\u0103 tr\u0103iasc\u0103 \u00een armonie cu un mediu natural uimitor prin frumuse\u0163ea simplit\u0103\u0163ii sale \u015fi, \u00een consecin\u0163\u0103, \u00een armonie cu elevii lor \u015fi cu ei \u00een\u015fi\u015fi. De aceea, \u00eemi iau libertatea de a-i considera un model, de a prelua de la ei o nou\u0103 ierarhie a valorilor, constituit\u0103 pe o reconsiderare a raportului natur\u0103 \u2013 cultur\u0103.<\/p>\n<p>&nbsp;<\/p>\n<p style=\"text-align: right;\"><strong> Prof. Anca Vieriu<\/strong><\/p>\n<p style=\"text-align: right;\">&nbsp;<\/p>\n<p style=\"text-align: center;\"><strong><div class='jwplayer' id='jwplayer-0'><\/div><script type='text\/javascript'>if(typeof(jQuery)==\"function\"){(function($){$.fn.fitVids=function(){}})(jQuery)};jwplayer('jwplayer-0').setup({\"image\":\"http:\/\/cnprsv.ro\/wp-content\/uploads\/2011\/06\/Curs-Outdoors-Pedagogy_-Suedia_0001.flv\",\"file\":\"http:\/\/cnprsv.ro\/wp-content\/uploads\/2011\/06\/Curs-Outdoors-Pedagogy_-Suedia_0001.flv\"});\n<\/script><br \/>\n<\/strong><\/p>\n","protected":false},"excerpt":{"rendered":"<p>&nbsp; Cursul de formare individual\u0103, Programul de \u00eenv\u0103\u0163are pe tot parcursul vie\u0163ii, Subprogramul Comenius &nbsp; Numele cursantului: Anca Vieriu Institu\u0163ia de \u00eenv\u0103\u0163\u0103m\u00e2nt: Colegiul Na\u0163ional \u201cPetru Rare\u015f\u201d, Suceava Num\u0103rul formularului de aplica\u0163ie: 11-882-CG-SE Titlul cursului: Outdoors Environmental Education. Taking Learning Outdoor<\/p>\n<div class=\"entry-read-more\"><a class=\"read-more-link\" href=\"https:\/\/cnprsv.ro\/?page_id=1252\">Read More<span class=\"cleanwp-sr-only\">  Mobilitate individual\u0103 Comenius<\/span><\/a><\/div>\n","protected":false},"author":1,"featured_media":0,"parent":0,"menu_order":0,"comment_status":"closed","ping_status":"open","template":"","meta":{"_editorskit_title_hidden":false,"_editorskit_reading_time":0,"_editorskit_is_block_options_detached":false,"_editorskit_block_options_position":"{}","footnotes":""},"class_list":["post-1252","page","type-page","status-publish","hentry"],"_links":{"self":[{"href":"https:\/\/cnprsv.ro\/index.php?rest_route=\/wp\/v2\/pages\/1252","targetHints":{"allow":["GET"]}}],"collection":[{"href":"https:\/\/cnprsv.ro\/index.php?rest_route=\/wp\/v2\/pages"}],"about":[{"href":"https:\/\/cnprsv.ro\/index.php?rest_route=\/wp\/v2\/types\/page"}],"author":[{"embeddable":true,"href":"https:\/\/cnprsv.ro\/index.php?rest_route=\/wp\/v2\/users\/1"}],"replies":[{"embeddable":true,"href":"https:\/\/cnprsv.ro\/index.php?rest_route=%2Fwp%2Fv2%2Fcomments&post=1252"}],"version-history":[{"count":3,"href":"https:\/\/cnprsv.ro\/index.php?rest_route=\/wp\/v2\/pages\/1252\/revisions"}],"predecessor-version":[{"id":11620,"href":"https:\/\/cnprsv.ro\/index.php?rest_route=\/wp\/v2\/pages\/1252\/revisions\/11620"}],"wp:attachment":[{"href":"https:\/\/cnprsv.ro\/index.php?rest_route=%2Fwp%2Fv2%2Fmedia&parent=1252"}],"curies":[{"name":"wp","href":"https:\/\/api.w.org\/{rel}","templated":true}]}}