{"id":12571,"date":"2025-04-28T08:56:09","date_gmt":"2025-04-28T06:56:09","guid":{"rendered":"https:\/\/cnprsv.ro\/?page_id=12571"},"modified":"2026-03-19T18:00:05","modified_gmt":"2026-03-19T16:00:05","slug":"erasmus-parteneriat","status":"publish","type":"page","link":"https:\/\/cnprsv.ro\/?page_id=12571","title":{"rendered":"Erasmus parteneriat"},"content":{"rendered":"<ul>\r\n<li>Proiect &#8222;<a href=\"https:\/\/cnprsv.ro\/?page_id=13305\" target=\"_blank\" rel=\"noopener\">Sustainability Exchange: Economic Strategies for a Living Planet<\/a>&#8222;<\/li>\r\n<li>Proiect &#8222;<a href=\"https:\/\/cnprsv.ro\/?page_id=13173\" target=\"_blank\" rel=\"noopener\">Bridging water: A Youth Exchange on Sustainability and Cultural Heritage in Romania and Turkey<\/a>&#8222;<\/li>\r\n<li><a href=\"https:\/\/cnprsv.ro\/?page_id=12598\" target=\"_blank\" rel=\"noreferrer noopener\">Proiect Erasmus \u201cSolidarity for a Better World\u201d<\/a>, cod \u00a0KA 210-BY-22-2-24-99764<\/li>\r\n<li>Proiectul Erasmus+ Tineret \u00een ac\u021biune, s-a desf\u0103\u0219urat \u00een perioada 4.03-11.03.2023, la Academia Europeana Otzenhausen, Germania. Tema proiectului a fost &#8222;<a href=\"\/documente\/2023_aprilie_diseminare_Otzenhausen_2023.pdf\">Europe in the Context of Globalization- What Transformations for Tomorrow? Part \u0399: Borders, Flight and Migration<\/a>\u201d\u00a0 cu participarea elevilor din: Main-Taunus-Schule Hofheim, Germania, Colegiul Na\u021bional &#8222;Pentru Rare\u0219\u201d Suceava, Rom\u00e2nia, Instituto Technico Commerciale &#8222;Archimede\u201d Modica, Italia, Nezihe Hasan Kilic, Anatolian High School Istanbul, Turcia.<\/li>\r\n<li>Proiectul ERASMUS+KA2 \u201c<a href=\"https:\/\/cnprsv.ro\/?page_id=12609\" target=\"_blank\" rel=\"noopener\">The Art of Food<\/a>\u201d av\u00e2nd codul 2020-1-AT01-KA229-078023. Perioada complet\u0103 de derulare a activit\u0103\u021bilor de proiect este septembrie 2020 &#8211; august 2023.<\/li>\r\n<li>Proiectul Erasmus + KA2,\u00a0Project ERASMUS+KA2 \u00a0\u201c<a href=\"https:\/\/cnprsv.ro\/?page_id=12616\" target=\"_blank\" rel=\"noopener\">Let\u2019s shape our future together<\/a>\u201d,\u00a0av\u00e2nd codul\u00a02019-1-DE03-KA229-059565_2\u00a0se afl\u0103 \u00een august 2022 la finalul perioadei de implementare (prelungite cu un an din motive pandemice).<\/li>\r\n<li>Proiectul Erasmus + KA2, \u201dApprentissage par les Comp\u00e9tences en Immersion et le D\u00e9veloppement de l\u2019Entraide\u201d \u2013 <a href=\"https:\/\/cnprsv.ro\/?page_id=9731\" target=\"_blank\" rel=\"noreferrer noopener\">ACIDE<\/a>, cod\u00a02019-1-FR01-KA229-062180_3 \u0219i-a derulat toate activit\u0103\u021bile propuse, \u00een pofida perioadei pandemice\u00a0traversate. \u00cen luna august 2022, to\u021bi\u00a0participan\u021bii la activit\u0103\u021bile proiectului, elevi \u0219i profesori, privesc cu pre\u021buire \u00een urm\u0103.\u00a0<\/li>\r\n<li>Diseminare proiect\u00a0<a href=\"https:\/\/cnprsv.ro\/?page_id=9660\" target=\"_blank\" rel=\"noreferrer noopener\">\u201cTineret \u00een ac\u021biune\u201d<\/a>, ERASMUS +, Nr. 2021-2-DE04-KA152, cu tema: \u201cJust saving the world! Global transformation for a world of tomorrow?\u201d desf\u0103\u0219urat \u00een perioada 19.03-26.03.2022, la Academia European\u0103 Otzenhausen, Germania<\/li>\r\n<li><a href=\"https:\/\/cnprsv.ro\/?page_id=9077\" target=\"_blank\" rel=\"noreferrer noopener\">Fall and Rise! &#8211; Erasmus+ KA1 Mobility for youth workers, 21-28 April 2018.<\/a><\/li>\r\n<li>Proiect de parteneriat Erasmus+ KA2\u00a0\u00a0<a href=\"https:\/\/projetocivic.wordpress.com\/ecoles-participantes\/\" target=\"_blank\" rel=\"noreferrer noopener\">CIVIC<\/a>\u00a0 (Coop\u00e9ration Innovatrice Vers l&#8217;Interdisciplinarit\u00e9 Civique), parteneriat strategic \u00eentre 8 \u0219coli europene din Fran\u021ba, Italia, Polonia, Portugalia \u0219i Rom\u00e2nia.<\/li>\r\n<li>Diseminare proiect\u00a0<a href=\"https:\/\/cnprsv.ro\/documente\/2018_mai_diseminare_proiect_tinerii_in_actiune.pdf\" target=\"_blank\" rel=\"noreferrer noopener\">\u201cTineret \u00een ac\u021biune\u201d<\/a>\u2013 Academia European\u0103 Otzenhausen, 2018: \u201cWer sind wir und wenn ja, wo wollen wir hin? Auf der Suche nach einer europ\u00e4ischen Identit\u00e4t\u201d<\/li>\r\n<li>Erasmus+ KA1 pentru lucr\u0103tori de tineret\u00a0 \u2013 <a href=\"https:\/\/cnprsv.ro\/?page_id=8599\" target=\"_blank\" rel=\"noreferrer noopener\">Disordered Eating and Eating Disorders in Teens<\/a><\/li>\r\n<li>Prima mobilitate din cadrul proiectului Erasmus+ KA2, \u00a0\u201c<a href=\"https:\/\/cnprsv.ro\/?p=8376\">Coop\u00e9ration Innovatrice Vers l\u2019Interdisciplinarit\u00e9 Civique<\/a>\u201d \u2013 CIVIC, cod 2017-1-FR01-KA219-037281_2<\/li>\r\n<li>Diseminare proiect\u00a0\u201cTineret \u00een ac\u021biune\u201d\u2013 Academia European\u0103 Otzenhausen, 2017: \u201c<a href=\"\/documente\/2017_septembrie_Otzenhausen_proiect_germania.pdf\" target=\"_blank\" rel=\"noreferrer noopener\">Sustainability: How do we want to live?<\/a>\u201d<\/li>\r\n<li>Proiect ERASMUS + de tip KA1, educa\u021bie \u0219colar\u0103:\u00a0\u201cNoi perspective ale \u00eenv\u0103\u021b\u0103rii autentice prin utilizarea cadrului natural \u00een mod transdisciplinar\u201d;\u00a0Cod proiect: 2016-1-RO01-KA101-023553;\u00a0Blog proiect: <a href=\"http:\/\/cnprsvka12016.wordpress.com\/\">cnprsvka12016.wordpress.com<\/a><\/li>\r\n<li>Proiectul de mobilitate KA1 Erasmus+ pentru lucr\u0103tori de tineret &#8222;Multisensory Learning and Occupational Path&#8221;, num\u0103rul de referin\u021b\u0103 2016-1-RO01-KA105-024218. Blogul proiectului se g\u0103se\u0219te <a href=\"http:\/\/lauragonzalez05.wixsite.com\/scop\" target=\"_blank\" rel=\"noreferrer noopener\">aici<\/a>.<\/li>\r\n<li>Proiect ERASMUS + de tip KA1, educa\u021bie \u0219colar\u0103:\u00a0\u201cDezvoltarea competen\u021belor profesorilor \u00een vederea consilierii elevilor \u00een problematica devenirii personale\u201d;\u00a0Cod proiect: 2014-1-RO01-KA101-001326;\u00a0Blog proiect: <a href=\"http:\/\/cnprsvka12014.wordpress.com\/\">cnprsvka12014.wordpress.com<\/a><\/li>\r\n<li>Diseminare proiect\u00a0<a href=\"https:\/\/cnprsv.ro\/documente\/2016_martie_diseminare_proiect_tinerii_in_actiune.pdf\">\u201cTineret \u00een ac\u021biune\u201d<\/a>\u2013 Academia European\u0103 Otzenhausen, 2016: \u201cMobility: the ideal solution for reducing youth unemployment? An in-depth journey to a European Challenge\u201d<\/li>\r\n<li><a href=\"documente\/2015_aprilie_Diseminarea_Proiectului_We_are_Europe_and_Europe_is_on_the_move.pdf\" target=\"_blank\" rel=\"noreferrer noopener\">Seminar interna\u021bional &#8222;We are Europe and Europe is on the move!&#8221;<\/a> &#8211; Academia European\u0103 Otzenhausen, 2015<\/li>\r\n<li>Tineret \u00een ac\u021biune \u201e<a href=\"documente\/2014_martie_Tineret_in_actiune_Diseminarea_proiectului_Youth_in_Action.pdf\" target=\"_blank\" rel=\"noreferrer noopener\">Running on empty? Young Europeans discuss about economic, political and cultural aspects of the European Union<\/a>\u201d, Academia European\u0103 Otzenhausen, 2014<\/li>\r\n<li>Tineret \u00een ac\u021biune \u201e<a href=\"documente\/2013_septembrie_Youth_in_Dialogue_with_Green_Economy_Otzenhausen.pdf\" target=\"_blank\" rel=\"noreferrer noopener\">Youth in Dialogue with Green Economy<\/a>\u201d Otzenhausen, 2013<\/li>\r\n<li>Proiectul <em>Etudes compar\u00e9es de l environnement et de l am\u00e9nagement futur des territoires de nos villes<\/em>, purt\u00e2nd acronimul <a href=\"http:\/\/civitas.fir.free.fr\" target=\"_blank\" rel=\"noreferrer noopener\">CIVITAS<\/a>, reune\u015fte patru licee europene Lyc\u00e9e La Mis\u00e9ricorde Metz, Fran\u0163a (coordonatorul proiectului), Istituto di istruzione secondario superiore Don Tonino Bello Copertino, Italia, Colegiul Na\u0163ional \u201ePetru Rare\u015f\u201d, Suceava, Rom\u00e2nia \u015fi Colegiul Na\u0163ional Pedagogic \u201cCarol I\u201d, C\u00e2mpulung Muscel, Rom\u00e2nia.<\/li>\r\n<li>Proiect bilateral Comenius <a href=\"https:\/\/cnprsv.ro\/?page_id=12619\" target=\"_blank\" rel=\"noopener\">LINLANLIM<\/a>, parteneriat cu liceul Amyot d&#8217;Inville din Senlis, Fran\u0163a, 2008-2013<\/li>\r\n<li>Punte educational\u0103 \u00een Bucovina<\/li>\r\n<li><a href=\"http:\/\/words-that-bring-us-together.webs.com\/\" target=\"_blank\" rel=\"noreferrer noopener\">Words that bring us together<\/a> &#8211; proiect Comenius bilateral Rom\u00e2nia-Polonia 2010-2012<\/li>\r\n<li><a href=\"https:\/\/cnprsv.ro\/?page_id=1252\" target=\"_blank\" rel=\"noreferrer noopener\">Mobilitate individual\u0103 Comenius<\/a> &#8211; curs de formare &#8211; Suedia, mai, 2011<\/li>\r\n<li><a href=\"https:\/\/cnprsv.ro\/?page_id=1769\" target=\"_blank\" rel=\"noreferrer noopener\">Mobilitate individual\u0103 Grundtvig<\/a> &#8211; curs de formare &#8211; Portugalia, octombrie, 2011<\/li>\r\n<li><a href=\"https:\/\/cnprsv.ro\/?page_id=2500\" target=\"_blank\" rel=\"noreferrer noopener\">Mobilitate individual\u0103 Comenius<\/a> &#8211; curs de formare &#8211; Germania, mai, 2012<\/li>\r\n<\/ul>","protected":false},"excerpt":{"rendered":"<p>Proiect &#8222;Sustainability Exchange: Economic Strategies for a Living Planet&#8222; Proiect &#8222;Bridging water: A Youth Exchange on Sustainability and Cultural Heritage in Romania and Turkey&#8222; Proiect Erasmus \u201cSolidarity for a Better World\u201d, cod \u00a0KA 210-BY-22-2-24-99764<\/p>\n","protected":false},"author":1,"featured_media":0,"parent":0,"menu_order":0,"comment_status":"closed","ping_status":"closed","template":"","meta":{"_editorskit_title_hidden":false,"_editorskit_reading_time":0,"_editorskit_is_block_options_detached":false,"_editorskit_block_options_position":"{}","footnotes":""},"class_list":["post-12571","page","type-page","status-publish","hentry"],"_links":{"self":[{"href":"https:\/\/cnprsv.ro\/index.php?rest_route=\/wp\/v2\/pages\/12571","targetHints":{"allow":["GET"]}}],"collection":[{"href":"https:\/\/cnprsv.ro\/index.php?rest_route=\/wp\/v2\/pages"}],"about":[{"href":"https:\/\/cnprsv.ro\/index.php?rest_route=\/wp\/v2\/types\/page"}],"author":[{"embeddable":true,"href":"https:\/\/cnprsv.ro\/index.php?rest_route=\/wp\/v2\/users\/1"}],"replies":[{"embeddable":true,"href":"https:\/\/cnprsv.ro\/index.php?rest_route=%2Fwp%2Fv2%2Fcomments&post=12571"}],"version-history":[{"count":9,"href":"https:\/\/cnprsv.ro\/index.php?rest_route=\/wp\/v2\/pages\/12571\/revisions"}],"predecessor-version":[{"id":13307,"href":"https:\/\/cnprsv.ro\/index.php?rest_route=\/wp\/v2\/pages\/12571\/revisions\/13307"}],"wp:attachment":[{"href":"https:\/\/cnprsv.ro\/index.php?rest_route=%2Fwp%2Fv2%2Fmedia&parent=12571"}],"curies":[{"name":"wp","href":"https:\/\/api.w.org\/{rel}","templated":true}]}}