{"id":12591,"date":"2025-04-28T10:02:14","date_gmt":"2025-04-28T08:02:14","guid":{"rendered":"https:\/\/cnprsv.ro\/?page_id=12591"},"modified":"2025-05-12T10:34:06","modified_gmt":"2025-05-12T08:34:06","slug":"erasmus-acreditare-c1","status":"publish","type":"page","link":"https:\/\/cnprsv.ro\/?page_id=12591","title":{"rendered":"Erasmus acreditare C1"},"content":{"rendered":"\r\n<p><strong><a href=\"\/documente\/Poze site.rar\" target=\"_blank\" rel=\"noopener\">Fotografii din proiect ERASMUS+ de mobilitate a profesorilor \u00een domeniul IT<\/a>, la Colegiul Na\u021bional \u201dPetru Rare\u0219\u201d din Suceava<\/strong><\/p>\r\n<p><strong>Date de identificare ale proiectului<\/strong><\/p>\r\n<p>\u00cen cadrul acredit\u0103rii Erasmus + a Colegiului Na\u021bional \u201dPetru Rare\u0219\u201d \u00een domeniul educa\u021biei \u0219colare, se deruleaz\u0103 \u00een perioada 2022-2023 proiectul &#8222;\u00cembun\u0103t\u0103\u021birea conectivit\u0103\u021bii digitale a colegiului, \u00een cadrul comunit\u0103\u021bii \u0219colare \u0219i \u00een comunitatea extins\u0103, stimul\u00e2nd dezvoltarea abilit\u0103\u021bilor de g\u00e2ndire critic\u0103, colaborarea si creativitatea profesorilor&#8221;, cod\u00a02022-1-RO01-KA121-SCH-000064096.<\/p>\r\n<p><strong>Scopul proiectului \u0219i modul ales de atingere a scopului<\/strong><\/p>\r\n<p>Proiectul fost conceput pentru a facilita participarea la cursuri \u00een domeniul IT a unui num\u0103r de 25 de profesori, de diferite discipline \u0219i care lucreaz\u0103 pe diferite niveluri (gimnaziu \u0219i liceu). Nevoia din care a izvor\u00e2t acest proiect este cea a dezvolt\u0103rii de competen\u021be \u00eenalte \u00een r\u00e2ndul cadrelor didactice ale colegiului, pentru a putea sus\u021bine demersuri educa\u021bionale on line sau cu elemente digitale inserate \u00een structura clasic\u0103. A fost evaluat nivelul existent de\u021binut de c\u0103tre profesori (dezvoltat \u00een mod intens \u00een perioada pandemic\u0103) \u0219i nivelul de competen\u021b\u0103 dorit, iar pentru a diminua acest ecart, au fost alese cu grij\u0103 mai multe cursuri, \u00een urma studierii pie\u021bei europene de formare. Dintre acestea, cursurile selectate au fost cele care au inclus \u00een curricul\u0103 itemi lega\u021bi de pedagogia unui demers educa\u021bional digital, de metodele de a \u021bine aten\u021bi \u0219i interesa\u021bi elevii \u00eentr-o lec\u021bie digital\u0103 pentru o perioad\u0103 \u00eendelungat\u0103 de timp \u0219i care s\u0103 aib\u0103 o structur\u0103 ce s\u0103 poat\u0103 fi variat\u0103 \u00een func\u021bie de nivelul de cuno\u0219tin\u021be, de interes \u0219i de posibilit\u0103\u021bile individuale de progres. De asemenea, cursurile de formare selectate au avut o sec\u021biune important\u0103 dedicat\u0103 etapelor de evaluare on line, utile a fi utilizate \u00een cadrul lec\u021biilor on line sau clasice. Nu a fost neglijat\u0103 nici nevoia de \u00eenv\u0103\u021ba metode de interac\u021biune on line dintre cele mai dinamice \u0219i atractive, uneori chiar juc\u0103u\u0219e, pentru c\u0103 atractivitatea \u0219i dinamismul sunt caracteristici esen\u021biale ale lec\u021biilor digitale. Au fost utilizate diferite instrumente IT, care s\u0103 poat\u0103 fi utilizate pe diferite suporturi hard: PC, tablet\u0103, telefon, astfel \u00eenc\u00e2t, la \u00eentoarcere profesorii s\u0103 poat\u0103 utiliza toate aceste dispozitive.<\/p>\r\n<p><strong>Cursurile de formare selectate sunt:<\/strong>\u00a0<\/p>\r\n<ol>\r\n<li><em>&#8222;Make technology your\u00a0friend!&#8221;, <\/em><em>ICT \u2013 Information and communication technologies, Pedagogy and didactics,\u00a0Using ICT to engage students in the modern classroom<\/em>, apar\u021bin\u00e2nd EDU2GROW, cu sediul \u00een Portugalia<\/li>\r\n<li><em>\u201dICT in Education\u201d<\/em>, apar\u021bin\u00e2nd ICT International Training Center, cu sediul \u00een Cehia<\/li>\r\n<\/ol>\r\n<p><strong>Perioadele de desf\u0103\u0219urare ale cursurilor sunt urm\u0103toarele:<\/strong><\/p>\r\n<ol>\r\n<li>Grupa I: 7.04-13.04.2023<\/li>\r\n<li>Grupa II: 19.06-24.06. 2023<\/li>\r\n<li>Grupa III: 7.2023 &#8211; 28.7.2023<\/li>\r\n<\/ol>\r\n<p><strong>Indicatorii proiectului sunt:<\/strong><\/p>\r\n<ol>\r\n<li><a href=\"http:\/\/mobilitati.cnprsv.ro\/Participanti.html\">Num\u0103rul de mobilit\u0103\u021bi realizate (25)<\/a>\u00a0<\/li>\r\n<li>Num\u0103rul de produse finale concepute de c\u0103tre profesori \u00een timpul cursului \u0219i la \u00eentoarcere (o <a href=\"http:\/\/mobilitati.cnprsv.ro\/Lectii.html\">platform\u0103<\/a> cu 480 de lec\u021bii digitale originale \u00een cadrul diferitelor discipline, pe diferite niveluri de dificultate).<\/li>\r\n<li>Num\u0103rul de <a href=\"http:\/\/mobilitati.cnprsv.ro\/Diseminari.html\">disemin\u0103ri<\/a>\u00a0individuale \u0219i ale echipei de implementare.<\/li>\r\n<\/ol>\r\n<p>\u00a0<strong>Formele de certificare ale particip\u0103rii la cursurile de formare \u0219i ale competen\u021belor dob\u00e2ndite sunt urm\u0103toarele:<\/strong><\/p>\r\n<ol>\r\n<li>Certificat de participare<\/li>\r\n<li>Certificat Europass<\/li>\r\n<\/ol>\r\n<p><strong>Impactul direct al proiectului este \u00een leg\u0103tur\u0103 cu urm\u0103toarele repere:<\/strong><\/p>\r\n<ol>\r\n<li>Dezvoltarea competen\u021belor profesorilor participan\u021bi la cursurile de formare \u00een domeniul conceperii \u0219i derul\u0103rii de lec\u021bii digitale \u00een disciplina pe care o predau<\/li>\r\n<li>Realizarea unei imersiuni culturale cu ocazia particip\u0103rii la activit\u0103\u021bi conexe \u00een timpul mobilit\u0103\u021bilor (exp. spectacole, vizite la muzee, excursii locale)<\/li>\r\n<li>Dezvoltarea g\u00e2ndirii critice, a formelor de manifestare a colabor\u0103rii profesionale \u0219i a creativit\u0103\u021bii profesorilor prin intermediul tuturor etapelor de proiect (inclusiv prin cele derulate dup\u0103 \u00eentoarcerea de la cursurile de formare)<\/li>\r\n<li>\u00cent\u0103rirea cet\u0103\u021beniei europene prin dezoltarea sentimentului apartenen\u021bei la Uniunea European\u0103 \u0219i a respectului \u0219i interesului pentru politicile \u0219i programele sale.<\/li>\r\n<\/ol>\r\n<p><strong>Impactul indirect al proiectului include:<\/strong><\/p>\r\n<ol>\r\n<li>Dezvoltarea de competen\u021be conexe la profesorii participan\u021bi la curs (\u00eenv\u0103\u021barea abord\u0103rilor interdisciplinare, crearea \u00een timpul cursului a unor materiale care pot fi utilizate ulterior, cre\u0219terea \u00eencrederii \u00een poten\u021bialul domeniului IT de a fi folosit \u00een educa\u021bie \u0219i \u00een colaborarea profesional\u0103, \u00een special \u00een ceea ce prive\u0219te promovarea accesului universal la educa\u021bie, sprijinirea diversit\u0103\u021bii sociale \u0219i culturale etc.)<\/li>\r\n<li>Dezvoltarea de competen\u021be \u00een domeniul IT a unui num\u0103r mult mai mare de profesori comparativ cu cei participan\u021bi direct la curs, din colegiu dar \u0219i din cadrul comunit\u0103\u021bii educative sucevene, prin procesul de diseminare (formele de diseminare fiind dintre cele mai variate \u0219i atractive: articole publicate pe platforme educa\u021bionale, prezent\u0103ri la cercurile pe discipline \u0219i la consf\u0103tuirile anuale, platform\u0103 educa\u021bional\u0103 cu lec\u021bii cu acces liber)<\/li>\r\n<li>Cre\u0219terea atractivit\u0103\u021bii colegiului pentru viitorii s\u0103i elevi \u0219i pentru p\u0103rin\u021bii acestora ca urmare a sporirii diversific\u0103rii demersului didactic derulat de c\u0103tre un num\u0103r mare de profesori \u0219i ca urmare a faptului c\u0103 platforma cu lecii on line va putea fi accesat\u0103 \u0219i de c\u0103tre elevii care, de exemplu, au absentat la lec\u021bii.<\/li>\r\n<\/ol>\r\n<p>&nbsp;<\/p>\r\n<p>\u00cen cadrul proiectului s-au realizat dou\u0103 mobilit\u0103\u021bi elevi, derulate astfel :<\/p>\r\n<ul>\r\n<li>6 elevi \u0219i doi profesori au realizat mobilitatea la Troyes, Fran\u021ba (Colegiul Marie Curie), \u00een perioada 13.05-18.05.2024<\/li>\r\n<li>4 elevi \u0219i un profesor au realizat mobilitatea la Zagreb, Croa\u021bia (Technical School Zagreb), \u00een perioada 7.05 -12.05. 2024<\/li>\r\n<\/ul>\r\n<p>Programele mobilit\u0103\u021bilor au fost deosebit de variate, ele incluz\u00e2nd activit\u0103\u021bi aflate \u00een coresponden\u021b\u0103 cu obiectivul proiectului \u0219i cu obiectivele orizontale ale programului Erasmus+. Elevii au participat la workshopuri, au mers la ore al\u0103turi de coresponden\u021bii lor, unde au apreciat \u00een mod deosebit modul de integrare a tehnologiei \u00een programul educa\u021bional, au realizat vizite de documentare \u0219i vizite culturale.<\/p>\r\n<p>\u0218colile alese pentru a fi gazd\u0103 au fost scoli pilot, care implementeaz\u0103 pedagogia IT de mult\u0103 vreme, \u00eentr-un mod creator. Alegerea acestora \u0219i negocierea programului mobilit\u0103\u021bilor a fost un proces derulat cu minu\u021biozitate. Astfel Colegiul \u201dMarie Curie\u201d din Troyes, Franta, este baz\u0103 de practic\u0103 pedagogic\u0103 a Universit\u0103\u021bii Tehnice din Reims, \u00een care studen\u021bii \u00eenva\u021b\u0103 \u0219i exerseaz\u0103 metode moderne de predare \u00eenva\u021bare, bazate pe tehnologia informatiei \u0219i acest lucru s-a reflectat \u00een calitatea activit\u0103\u021bilor de proiect derulate de c\u0103tre elevii rom\u00e2ni. Iar Scoala Tehnic\u0103 din Zagreb, Croa\u021bia, are multiple colabor\u0103ri cu Universitatea din Zagreb, Facultatea de Inginerie Mecanic\u0103 \u0219i Arhitectur\u0103 Naval\u0103 \u0219i \u00eempreun\u0103 organizeaz\u0103 concursuri \u0219i conferin\u021be (exp INOVA YOUTH) care abordeaz\u0103 problematica dezvolt\u0103rii prin practic\u0103 a abilit\u0103\u021bilor creative ale profesorilor \u0219i elevilor de abordare a curriculumului formal si nonformal.<\/p>\r\n<p>In felul acesta elevii care au participanti la mobilitati s-au conectat la structuri educative moderne, inovatoare la nivel european. Etapele de <a href=\"\/documente\/ERASMUS_Erasmus_Troyes.pptx\" target=\"_blank\" rel=\"noopener\">diseminare<\/a> au reflectat aceste lucruri.<\/p>\r\n<p>&nbsp;<\/p>\r\n<p><strong>Concluzie<\/strong><\/p>\r\n<p>Este de a\u0219teptat ca, \u00eencep\u00e2nd cu perioada de sustenabilitate a proiectului, s\u0103 se poat\u0103 m\u0103sura o cre\u0219tere a calit\u0103\u021bii globale oferite de colegiu beneficiarilor s\u0103i direc\u021bi, prin cre\u0219terea atractivit\u0103\u021bii lec\u021biilor derulate \u0219i a accesibilit\u0103\u021bii la acestea, respectiv prin cre\u0219terea conectivit\u0103\u021bii tuturor partenerilor educa\u021bionali.<\/p>","protected":false},"excerpt":{"rendered":"<p>Fotografii din proiect ERASMUS+ de mobilitate a profesorilor \u00een domeniul IT, la Colegiul Na\u021bional \u201dPetru Rare\u0219\u201d din Suceava Date de identificare ale proiectului \u00cen cadrul acredit\u0103rii Erasmus + a Colegiului Na\u021bional \u201dPetru Rare\u0219\u201d \u00een domeniul educa\u021biei \u0219colare, se deruleaz\u0103 \u00een<\/p>\n<div class=\"entry-read-more\"><a class=\"read-more-link\" href=\"https:\/\/cnprsv.ro\/?page_id=12591\">Read More<span class=\"cleanwp-sr-only\">  Erasmus acreditare C1<\/span><\/a><\/div>\n","protected":false},"author":1,"featured_media":0,"parent":0,"menu_order":0,"comment_status":"closed","ping_status":"closed","template":"","meta":{"_editorskit_title_hidden":false,"_editorskit_reading_time":0,"_editorskit_is_block_options_detached":false,"_editorskit_block_options_position":"{}","footnotes":""},"class_list":["post-12591","page","type-page","status-publish","hentry"],"_links":{"self":[{"href":"https:\/\/cnprsv.ro\/index.php?rest_route=\/wp\/v2\/pages\/12591","targetHints":{"allow":["GET"]}}],"collection":[{"href":"https:\/\/cnprsv.ro\/index.php?rest_route=\/wp\/v2\/pages"}],"about":[{"href":"https:\/\/cnprsv.ro\/index.php?rest_route=\/wp\/v2\/types\/page"}],"author":[{"embeddable":true,"href":"https:\/\/cnprsv.ro\/index.php?rest_route=\/wp\/v2\/users\/1"}],"replies":[{"embeddable":true,"href":"https:\/\/cnprsv.ro\/index.php?rest_route=%2Fwp%2Fv2%2Fcomments&post=12591"}],"version-history":[{"count":5,"href":"https:\/\/cnprsv.ro\/index.php?rest_route=\/wp\/v2\/pages\/12591\/revisions"}],"predecessor-version":[{"id":12664,"href":"https:\/\/cnprsv.ro\/index.php?rest_route=\/wp\/v2\/pages\/12591\/revisions\/12664"}],"wp:attachment":[{"href":"https:\/\/cnprsv.ro\/index.php?rest_route=%2Fwp%2Fv2%2Fmedia&parent=12591"}],"curies":[{"name":"wp","href":"https:\/\/api.w.org\/{rel}","templated":true}]}}