{"id":1607,"date":"2011-10-12T09:57:40","date_gmt":"2011-10-12T09:57:40","guid":{"rendered":"http:\/\/cnprsv.ro\/?page_id=1607"},"modified":"2024-10-11T15:37:36","modified_gmt":"2024-10-11T13:37:36","slug":"cabinet-psihologic","status":"publish","type":"page","link":"https:\/\/cnprsv.ro\/?page_id=1607","title":{"rendered":"Cabinet psihopedagogic"},"content":{"rendered":"<p>&nbsp;<\/p>\n<h1>Oferta cabinetului de consiliere \u0219i asisten\u021b\u0103 psihopedagogic\u0103<\/h1>\n<p>&nbsp;<\/p>\n<p><strong>Consilierea \u0219i asisten\u021ba psihopedagogic\u0103 TE AJUT\u0102 \u00een probleme legate de:<\/strong><\/p>\n<ul>\n<li>Dezvoltare \u00een plan personal, cre\u0219terea randamentului \u0219colar;<\/li>\n<li>Autocunoa\u0219tere, intercunoa\u0219tere;<\/li>\n<li>\u00cembun\u0103t\u0103\u021birea imaginii \u0219i stimei de sine;<\/li>\n<li>\u00cembun\u0103t\u0103\u021birea abilit\u0103\u021bilor de comunicare \u0219i rela\u021bionare;<\/li>\n<li>Managementul timpului \u0219i al \u00eenv\u0103\u021b\u0103rii;<\/li>\n<li>Informarea \u0219i consilierea carierei, orientare \u0219colar-profesional\u0103;<\/li>\n<li>Adaptare la cerin\u021bele \u0219colii;<\/li>\n<li>Adaptare la schimbare;<\/li>\n<li>Testare psihologic\u0103 la cerere \u0219i cunoa\u0219terea performan\u021belor intelectuale, a aptitudinilor, a intereselor;<\/li>\n<li>Prevenirea \u0219i diminuarea st\u0103rilor de discomfort psihic, consiliere \u00een situa\u021bii de criz\u0103;<\/li>\n<li>Optimizarea rela\u021biilor profesori-elevi\/p\u0103rinti-copii\/elevi-elevi;<\/li>\n<li>Consiliere de grup, ateliere de dezvoltare personal\u0103, pe diferite tematici &#8211; la cerere;<\/li>\n<li>Alternative educa\u021bionale \u00een petrecerea timpului liber, activit\u0103\u021bi de voluntariat.<\/li>\n<\/ul>\n<p>&nbsp;<\/p>\n<p>Psiholog \u015fcolar, <strong>RALUCA BADELI\u0162\u0102<\/strong> &#8211; etaj II, sala 37 (l\u00e2ng\u0103 cabinetul medical).<\/p>\n<p><strong>Contact<\/strong>: ralucabadelita@gmail.com<\/p>\n<p>Orarul cabinetului de asisten\u0163\u0103 psihopedagogic\u0103 \u00een anul \u0219colar 2022 &#8211; 2023:<\/p>\n<p>&nbsp;<\/p>\n<table style=\"height: 156px;\" border=\"1\" width=\"406\" cellspacing=\"0\" cellpadding=\"0\">\n<tbody>\n<tr>\n<td style=\"text-align: center;\" valign=\"top\"><strong>Ziua <\/strong><\/td>\n<td style=\"text-align: center;\" colspan=\"2\" valign=\"top\"><strong>Interval Orar<\/strong><\/td>\n<\/tr>\n<tr>\n<td valign=\"top\"><strong><em>Luni<\/em><\/strong><\/td>\n<td style=\"text-align: center;\" valign=\"top\">13<sup>00 <\/sup>-16<sup>00<\/sup><\/td>\n<td valign=\"top\">&nbsp;<\/td>\n<\/tr>\n<tr>\n<td valign=\"top\"><strong><em>Mar\u0163i<\/em><\/strong><\/td>\n<td style=\"text-align: center;\" valign=\"top\">&nbsp;8<sup>00 <\/sup>-10<sup>00<\/sup><\/td>\n<td style=\"text-align: center;\" valign=\"top\">14<sup>00 <\/sup>-16<sup>00<\/sup><\/td>\n<\/tr>\n<tr>\n<td valign=\"top\"><strong><em>Miercuri<\/em><\/strong><\/td>\n<td style=\"text-align: center;\" valign=\"top\">11<sup>00 <\/sup>-12<sup>00<\/sup><\/td>\n<td style=\"text-align: center;\" valign=\"top\">14<sup>00 <\/sup>-16<sup>00<\/sup><\/td>\n<\/tr>\n<tr>\n<td valign=\"top\"><strong><em>Joi<\/em><\/strong><\/td>\n<td style=\"text-align: center;\" valign=\"top\">14<sup>00 <\/sup>-15<sup>00<\/sup><\/td>\n<td valign=\"top\">&nbsp;<\/td>\n<\/tr>\n<tr>\n<td valign=\"top\"><strong><em>Vineri<\/em><\/strong><\/td>\n<td style=\"text-align: center;\" valign=\"top\">12<sup>00 <\/sup>-15<sup>00<\/sup><\/td>\n<td valign=\"top\">&nbsp;<\/td>\n<\/tr>\n<\/tbody>\n<\/table>\n<p>&nbsp;<\/p>\n<ul>\n<li><a href=\"\/documente\/2015_noiembrie_Pentru_parinti.pdf\" target=\"_blank\" rel=\"noopener\">Pentru p\u0103rin\u021bi<\/a><\/li>\n<li><a href=\"\/documente\/2015_noiembrie_Rolul_profesorului_psiholog_scolar.pdf\" target=\"_blank\" rel=\"noopener\">Rolul profesorului psiholog \u0219colar<\/a><\/li>\n<li><a href=\"\/documente\/2015_noiembrie_Stresul_scolar.pdf\" target=\"_blank\" rel=\"noopener\">Stresul \u0219colar<\/a><\/li>\n<\/ul>\n<p>&nbsp;<\/p>\n","protected":false},"excerpt":{"rendered":"<p>&nbsp; Oferta cabinetului de consiliere \u0219i asisten\u021b\u0103 psihopedagogic\u0103 &nbsp; Consilierea \u0219i asisten\u021ba psihopedagogic\u0103 TE AJUT\u0102 \u00een probleme legate de: Dezvoltare \u00een plan personal, cre\u0219terea randamentului \u0219colar; Autocunoa\u0219tere, intercunoa\u0219tere; \u00cembun\u0103t\u0103\u021birea imaginii \u0219i stimei de sine; \u00cembun\u0103t\u0103\u021birea abilit\u0103\u021bilor de comunicare \u0219i rela\u021bionare;<\/p>\n<div class=\"entry-read-more\"><a class=\"read-more-link\" href=\"https:\/\/cnprsv.ro\/?page_id=1607\">Read More<span class=\"cleanwp-sr-only\">  Cabinet psihopedagogic<\/span><\/a><\/div>\n","protected":false},"author":1,"featured_media":0,"parent":5,"menu_order":7,"comment_status":"closed","ping_status":"open","template":"","meta":{"_editorskit_title_hidden":false,"_editorskit_reading_time":1,"_editorskit_is_block_options_detached":false,"_editorskit_block_options_position":"{}","footnotes":""},"class_list":["post-1607","page","type-page","status-publish","hentry"],"_links":{"self":[{"href":"https:\/\/cnprsv.ro\/index.php?rest_route=\/wp\/v2\/pages\/1607","targetHints":{"allow":["GET"]}}],"collection":[{"href":"https:\/\/cnprsv.ro\/index.php?rest_route=\/wp\/v2\/pages"}],"about":[{"href":"https:\/\/cnprsv.ro\/index.php?rest_route=\/wp\/v2\/types\/page"}],"author":[{"embeddable":true,"href":"https:\/\/cnprsv.ro\/index.php?rest_route=\/wp\/v2\/users\/1"}],"replies":[{"embeddable":true,"href":"https:\/\/cnprsv.ro\/index.php?rest_route=%2Fwp%2Fv2%2Fcomments&post=1607"}],"version-history":[{"count":4,"href":"https:\/\/cnprsv.ro\/index.php?rest_route=\/wp\/v2\/pages\/1607\/revisions"}],"predecessor-version":[{"id":9826,"href":"https:\/\/cnprsv.ro\/index.php?rest_route=\/wp\/v2\/pages\/1607\/revisions\/9826"}],"up":[{"embeddable":true,"href":"https:\/\/cnprsv.ro\/index.php?rest_route=\/wp\/v2\/pages\/5"}],"wp:attachment":[{"href":"https:\/\/cnprsv.ro\/index.php?rest_route=%2Fwp%2Fv2%2Fmedia&parent=1607"}],"curies":[{"name":"wp","href":"https:\/\/api.w.org\/{rel}","templated":true}]}}