{"id":2552,"date":"2012-06-15T13:51:27","date_gmt":"2012-06-15T13:51:27","guid":{"rendered":"http:\/\/cnprsv.ro\/?page_id=2552"},"modified":"2024-10-11T15:37:37","modified_gmt":"2024-10-11T13:37:37","slug":"ganduri-de-olimpic","status":"publish","type":"page","link":"https:\/\/cnprsv.ro\/?page_id=2552","title":{"rendered":"G\u00e2nduri de olimpic"},"content":{"rendered":"<p><img loading=\"lazy\" decoding=\"async\" class=\" wp-image-3535 alignright\" title=\"poza Iasmina\" src=\"https:\/\/cnprsv.ro\/wp-content\/uploads\/2011\/03\/poza-Iasmina.jpg\" alt=\"\" width=\"181\" height=\"243\" \/><\/p>\n<p><strong>IASMINA R\u0102CEANU<\/strong><\/p>\n<p>IASMINA ESTE ELEV\u0102 \u00ceN CLASA A VIII-a CU PREDARE INTENSIV\u0102 A LIMBII GERMANE DE LA COLEGIUL NOSTRU. PASIONAT\u0102 DE\u00a0 TOT CEEA CE \u021aINE DE DOMENIUL UMANIST \u0218I AL ARTELOR FRUMOASE, IASMINA ESTE PRIN EXCELEN\u021a\u0102 UN <em>CREATOR<\/em>. \u00ceN ACEST AN \u0218COLAR A OB\u021aINUT PREMIUL II LA OLIMPIADA NA\u021aIONAL\u0102 DE LIMBA ROM\u00c2N\u0102, PREMIU CARE \u00ceI PERMITE S\u0102 PARTICIPE, LA SF\u00c2R\u0218ITUL LUNII MAI, LA ETAPA INTERNA\u021aIONAL\u0102. RECENT, A OB\u021aINUT PREMIUL III LA CONCURSUL NA\u021aIONAL <em>CULTUR\u0102 \u0218I SPIRITUALITATE<\/em>.<\/p>\n<p>S\u0102 NU UIT\u0102M \u0218I MARELE PREMIU OB\u021aINUT \u00ceN LUNA DECEMBRIE LA CONCURSUL ORGANIZAT DE GOOGLE: DESENUL IASMINEI A FOST LOGO-UL GOOGLE \u00ceN ZIUA NA\u021aIONAL\u0102 A ROM\u00c2NIEI, 1 DECEMBRIE.<\/p>\n<p>O PARTE DIN DESENELE IASMINEI POT FI ADMIRATE PE SITE-UL<\/p>\n<p><a href=\"http:\/\/art.lookandlearn.com\/Z57840\/Iasmina-Maria-Raceanu\">http:\/\/art.lookandlearn.com\/Z57840\/Iasmina-Maria-Raceanu<\/a><\/p>\n<p>&nbsp;<\/p>\n<p>Olimpiada de Limba Rom\u00e2n\u0103 mi-a oferit prilejul de a vedea c\u0103 se poate tr\u0103i \u00eentr-un cuv\u00e2nt. A\u015fadar, mi-am luat propria vocabul\u0103, i-am atins cu grij\u0103 corpul firav, apoi am intrat \u00eentr-\u00eensa. F\u0103r\u0103 s\u0103 vreau, mi-am dat seama c\u0103 e o mic\u0103 bucat\u0103 rupt\u0103 din mine, a\u015fa c\u0103 eu, chem\u00e2nd alte cuvinte care s\u0103 m\u0103 ajute, ar trebui s\u0103 i-o lipesc locului din care ea lipse\u015fte. Olimpiada este cuv\u00e2ntul \u00een care locuiesc de ceva vreme. Mi-e greu s\u0103 spun dac\u0103 a\u015f mai putea ie\u015fi de-aici. Olimpiada e deja \u00een interiorul meu, e \u00eenc\u0103perea \u00een care toate cuvintele mele se adun\u0103 \u015fi vibreaz\u0103 pentru via\u0163\u0103. A\u015f putea lega de fiecare liter\u0103 din acest cuv\u00e2nt o \u00eentreag\u0103 emo\u0163ie. \u201eO\u201d ar putea fi ordine, oameni; \u201eL\u201d \u2013 libertate, lumin\u0103; \u201eI\u201d \u2013 Imagina\u0163ie, \u015fi tot a\u015fa, p\u00e2n\u0103 mult mai departe, p\u00e2n\u0103 creez un nou alfabet.<\/p>\n<p>Purt\u00e2nd acest spa\u0163iu \u00een mine, am observat c\u0103 \u00een\u0103untrul meu se ascund aripi ce se vor a fi deschise, s\u0103 zboare prin el. O pas\u0103re are nevoie \u015fi de odihn\u0103 pe p\u0103m\u00e2nt, de\u015fi \u015fi-ar putea scurge firele de nisip din timp, \u00een cer. Eu am r\u0103mas cu privirea \u00eendreptat\u0103 spre cer, iar \u00eempreun\u0103 cu cuvintele ordonez cum \u00eemi este mai drag realitatea de dedesubt, cu al\u0163i ochi. Cu mult\u0103 ambi\u0163ie, f\u0103r\u0103 s\u0103 m\u0103 las distras\u0103, cu putere de munc\u0103 \u015fi dorin\u0163\u0103, se pare c\u0103 aripile \u00eencep s\u0103 zboare. P\u0103cat c\u0103 acestea sunt, \u00een felul lor, doar cuvinte. \u00cens\u0103 recl\u0103desc Olimpiada. Cu ajutorul lor, experien\u0163a \u00ee\u015fi continu\u0103 drumul \u00een fiecare din noi. \u015ei \u00een mine.<\/p>\n<p>\u00cemi voi lua pa\u015fii \u015fi \u00eei voi arunca, \u00een continuare, pe c\u00e2mpul Literaturii. Cred c\u0103 e singurul loc \u00een care cuv\u00e2ntul prinde form\u0103, culoare \u015fi devine, totu\u015fi, o arip\u0103.<\/p>\n<p>&nbsp;<\/p>\n<p>&nbsp;<\/p>\n<p><img loading=\"lazy\" decoding=\"async\" class=\"alignright size-full wp-image-2481\" title=\"leizeiriuc\" src=\"https:\/\/cnprsv.ro\/wp-content\/uploads\/2012\/06\/leizeiriuc.jpg\" alt=\"\" width=\"207\" height=\"207\" srcset=\"https:\/\/cnprsv.ro\/wp-content\/uploads\/2012\/06\/leizeiriuc.jpg 492w, https:\/\/cnprsv.ro\/wp-content\/uploads\/2012\/06\/leizeiriuc-150x150.jpg 150w, https:\/\/cnprsv.ro\/wp-content\/uploads\/2012\/06\/leizeiriuc-298x300.jpg 298w\" sizes=\"auto, (max-width: 207px) 100vw, 207px\" \/><\/p>\n<p>&nbsp;<\/p>\n<p><strong>ADNANA LEIZERIUC<\/strong><\/p>\n<p>ELEV\u0102 A CLASEI A XI-A, SEC\u021aIA MATEMATIC\u0102-INFORMATIC\u0102, BILINGV ROM\u00c2N\u0102-GERMAN\u0102, A OB\u021aINUT MEDALIA DE ARGINT LA <strong>OLIMPIADA INTERNA\u021aIONAL\u0102 PLURIDISCIPLINAR\u0102<\/strong> TUYMAADA DESF\u0102\u0218URAT\u0102 \u00ceN PERIOADA 12-20 IULIE 2012 \u00ceN YAKUTSK, FEDERA\u021aIA RUS\u0102.<\/p>\n<p>ADNANA ESTE ELEVA COLEGIULUI &#8222;PETRU RARE\u0218&#8221; \u00ceNC\u0102 DIN CLASA A V-A \u0218I A STUDIAT CHIMIA \u00ceN GIMNAZIU CU DNA. PROF. GABRIELA MATEICIUC, IAR \u00ceN LICEU CU DNA. PROF. DANA CAPBUN.<\/p>\n<p>&nbsp;<\/p>\n<p>&nbsp;<\/p>\n<p>Chimia a fost \u015fi este marea mea pasiune. Desigur, un \u00eenceput de acest fel poate p\u0103rea, la un moment dat, cli\u015feic sau banal. Cu toate acestea, nu g\u0103sesc alt\u0103 formulare care s\u0103 defineasc\u0103 mai explicit bucuria pe care o tr\u0103iesc ca pe o recidiv\u0103 \u00eenc\u0103 din clasa a VII-a. Bucuria de a m\u0103 reg\u0103si \u00eemplinit\u0103 \u00eentr-o lume \u00een care ra\u0163ionamentul matematic, obiectiv, corespunde vie\u0163ii. Pentru c\u0103 disciplina chimie ne antreneaz\u0103 \u00een practica vie\u0163ii. Astfel, av\u00e2nd-o \u00een gimnaziu, la \u201ePetru Rare\u015f\u201d, ca profesor \u015fi mentor pe doamna Mateiciuc Gabriela \u015fi ulterior, \u00een liceu, pe doamna Capbun Dana, am reu\u015fit s\u0103-mi cultiv pasiunea \u015fi s\u0103 o transform \u00eentr-o performan\u0163\u0103 pentru care le voi fi mereu recunosc\u0103toare.<\/p>\n<p>Studiul individual \u015fi aplicat a venit \u00een consolidarea celor care, la r\u00e2ndul lor, au muncit cu mine. Nimic nu se compar\u0103 cu satisfac\u0163ia descoperirii propriei min\u0163i \u015fi a for\u0163ei cu care exteriorul implic\u0103 propria minte. E uluitor s\u0103 \u00eenve\u0163i \u00een fiecare zi cum s\u0103 o iei de la zero. Cum s\u0103 recl\u0103de\u015fti.<\/p>\n<p>Olimpiada de chimie a \u00eensemnat mai mult dec\u00e2t o simpl\u0103 experien\u0163\u0103. Gra\u0163ie unui mediu \u00een care m-am \u00eenconjurat cu oameni talenta\u0163i \u015fi ambi\u0163io\u015fi, an de an tot mai buni, m-am desprins mereu din cotidianul elevului. Am devenit \u015fi eu ambi\u0163ioas\u0103. Motiva\u0163ia mea a fost una ferm\u0103, niciodat\u0103 una interesat\u0103. M-am hr\u0103nit din s\u0103rb\u0103toarea olimpiadei \u015fi am a\u015fteptat-o cu aceea\u015fi convingere c\u0103 premiul, oricare ar fi el, e garan\u0163ia faptului c\u0103 am fost \u00eentr-adevar acolo.<\/p>\n<p>Anul acesta am primit o noua provocare. A\u015fa cum ni se d\u0103 tot timpul. Sper c\u0103 Olimpiada Interna\u0163ional\u0103 din Yakutia care urmeaz\u0103 va fi o amintire la fel de vie memoriei mele ca na\u0163ionala de anul acesta. La Baia Mare am avut parte de toate&#8230; De carte, implicit. De oameni, mai ales. De logic\u0103, fundamental.<\/p>\n<p>&nbsp;<\/p>\n<p>&nbsp;<\/p>\n<p><img loading=\"lazy\" decoding=\"async\" class=\"alignright size-full wp-image-2599\" title=\"Poza_Sabinne\" src=\"https:\/\/cnprsv.ro\/wp-content\/uploads\/2012\/06\/Poza_Sabinne.jpg\" alt=\"\" width=\"170\" height=\"208\" \/><\/p>\n<p>&nbsp;<\/p>\n<p><strong>SABINNE-MARIE <\/strong><strong>\u0162\u0102RANU<\/strong><\/p>\n<p>Exist\u0103 anumite nuan\u0163e ale vie\u0163ii care pretind o expresie. Cuv\u00e2ntul nu pare a le fi suficient. Cu toate acestea, c\u00e2nd spun <em>olimpiad\u0103,<\/em> toate emo\u0163iile fericite se \u00eent\u00e2lnesc. Sunt \u00een cuv\u00e2ntul <em>olimpiad\u0103<\/em> oameni, temeri, speran\u0163e, dar, mai mult dec\u00e2t orice, <em>\u00eencredere<\/em> \u00een oameni, \u00een temeri \u015fi, deopotriv\u0103, \u00een speran\u0163e. Olimpiada este acel tip de ambi\u0163ie ferm\u0103, dar m\u0103surat\u0103 \u015fi distins\u0103. E aerul respirat, dincolo de reflex, \u00een ideea c\u0103 e acela\u015fi aer\u2026 inspirat\u00a0 de to\u0163i cei prieteni. Care \u015ftiu \u015fi \u00een\u0163eleg ce \u00eenseamn\u0103, \u00een fapt, dep\u0103\u015firea. Se dep\u0103\u015fesc la olimpiad\u0103 doar propriile \u00eengr\u0103diri sau marjele absurde ale generalului. \u00cen rest, e parc\u0103 de prisos s\u0103 mai adaug. O deconectare de la cotidianul elevului ce merge la \u015fcoal\u0103. O \u00eent\u00e2lnire cu oameni frumo\u015fi, de la an la an, neschimba\u0163i. O s\u0103rb\u0103toare ce educ\u0103 tradi\u0163ia elitei. Tot de la an la an. \u015ei tot mai mult.<\/p>\n<p>&nbsp;<\/p>\n<p>ABSOLVENT\u0102 A CLASEI A XII-a H, SABINNE ESTE MULTIPL\u0102 LAUREAT\u0102 A CONCURSURILOR \u015eI OLIMPIADELOR NA\u0162IONALE \u015eI INTERNA\u0162IONALE DE LIMBA ROM\u00c2N\u0102. PRINTRE CELE MAI IMPORTANTE PREMII AMINTIM:<\/p>\n<p>&#8211; PREMIUL I ABSOLUT \u015eI PREMIU SPECIAL LA OLIMPIADA INTERNA\u0162IONAL\u0102 DE LIMBA ROM\u00c2N\u0102 \u00ceN ANUL 2010<\/p>\n<p>&#8211; MEN\u0162IUNE LA ACEEA\u015eI OLIMPIAD\u0102 INTERNA\u0162IONAL\u0102 \u00ceN 2011<\/p>\n<p>&#8211; MARELE PREMIU AL CONCURSULUI NA\u0162IONAL DE CRITIC\u0102 LITERAR\u0102 \u201eMIHAIL IORDACHE\u201d \u2013 2012<\/p>\n<p>&nbsp;<\/p>\n<p>DATORIT\u0102 ACESTOR PERFORMAN\u0162E, SABINNE A PROMOVAT DEJA (PRIN ECHIVALARE) CU NOTA 10 PROBA SCRIS\u0102 LA LIMBA ROM\u00c2N\u0102 A BACALAUREATULUI.<\/p>\n<p>&nbsp;<\/p>\n<p>&nbsp;<\/p>\n<p><img loading=\"lazy\" decoding=\"async\" class=\"alignright size-full wp-image-2558\" title=\"POZA CLARA 2\" src=\"https:\/\/cnprsv.ro\/wp-content\/uploads\/2012\/06\/POZA-CLARA-2.jpg\" alt=\"\" width=\"204\" height=\"207\" \/><\/p>\n<p><strong>CLARA C\u0102\u0218UNEANU <\/strong><\/p>\n<p>CLARA A OB\u0162INUT \u00ceN ANUL \u015eCOLAR TRECUT PREMIUL I LA ETAPA NA\u0162IONAL\u0102 A OLIMPIADEI DE LIMBA ROM\u00c2N\u0102 \u015eI MEN\u0162IUNE LA ETAPA INTERNA\u0162IONAL\u0102 A ACELEIA\u015eI COMPETI\u0162II. \u00ceN ACEST AN \u015eCOLAR A PARTICIPAT LA ETAPA INTERNA\u0162IONAL\u0102 A CONCURSULUI DE LIMB\u0102, SPIRITUALITATE \u015eI CULTUR\u0102 ROM\u00c2NEASC\u0102 UNDE A OB\u0162INUT PREMIUL AL III-LEA, PREMIU CARE \u00ceI PERMITE ECHIVALAREA PROBEI SCRISE LA LIMBA ROM\u00c2N\u0102 A EXAMENULUI DE BACALAUREAT CU NOTA 10. ESTE, TOTODAT\u0102, \u015eI BENEFICIAR AL BURSEI GUVERNAMENTALE \u201eMERITUL OLIMPIC\u201d.<\/p>\n<p>&nbsp;<\/p>\n<p>Olimpiada Interna\u0163ional\u0103 de Limb\u0103, Cultur\u0103 \u015fi Spiritualitate Rom\u00e2neasc\u0103 mi-a oferit, prin atmosfera propice emula\u0163iei, \u015fansa unei incursiuni fericite, dar \u015fi r\u0103gazul unei autoevalu\u0103ri, al unei autoscopii exigente. Cu emo\u0163iile str\u00e2nse cu genunchii la gur\u0103, am poposit \u00een inima Maramure\u015fului, la Baia Mare. Ora\u015f frumos, gazde primitoare. Subiectele mi-au provocat imagina\u0163ia \u015fi cuno\u015ftin\u0163ele, a\u015fteptarea rezultatelor a \u00eensemnat emo\u0163ie. Rezultatul, dintr-un unghi personal, a venit sub forma unei confirm\u0103ri a\u015fteptate. Aceea c\u0103 efortul, perseveren\u0163a \u015fi talentul elevei au fost puse \u00een oper\u0103, adic\u0103 modelate cu m\u0103iestrie, de domnul profesor Gheorghe C\u00eerstian. C\u00e2t despre latura social\u0103 a evenimentului, am putut s\u0103 m\u0103 bucur de prezen\u0163a, de jovialitatea \u015fi de prietenia unor oameni destoinici \u00een ale Cuv\u00e2ntului, persoane extraordinare din \u0163ar\u0103 \u015fi din afara grani\u0163elor. Doar \u00een asemenea circumstan\u0163e mi-am dat seama c\u0103 pielea cuvintelor nu mai e pentru mine doar o frumoas\u0103 str\u0103in\u0103. \u00cemi amintesc acum de basmele copil\u0103riei. Prin\u0163esele erau obligate s\u0103 intre \u00eentr-o alt\u0103 piele, de floare, de musc\u0103 sau\u00a0 chiar de broasc\u0103. Aceasta pentru ca noaptea, de nimeni v\u0103zute, s\u0103 revin\u0103 prin magie la vechea \u00eenf\u0103\u0163i\u015fare. \u00cen basmul meu totul e altfel. Cuvintele nu-mi sunt povar\u0103, nici secret. Sunt m\u0103gulit\u0103 c\u0103 am avut privilegiul de a purta pielea cuvintelor, de a sim\u0163i la propriu magia olimpiadei. De aceea pot vorbi despre olimpiad\u0103 cu bucurie&#8230;<\/p>\n<p>&nbsp;<\/p>\n<p>&nbsp;<\/p>\n<p>&nbsp;<\/p>\n<p>&nbsp;<\/p>\n","protected":false},"excerpt":{"rendered":"<p>IASMINA R\u0102CEANU IASMINA ESTE ELEV\u0102 \u00ceN CLASA A VIII-a CU PREDARE INTENSIV\u0102 A LIMBII GERMANE DE LA COLEGIUL NOSTRU. PASIONAT\u0102 DE\u00a0 TOT CEEA CE \u021aINE DE DOMENIUL UMANIST \u0218I AL ARTELOR FRUMOASE, IASMINA ESTE PRIN EXCELEN\u021a\u0102 UN CREATOR. \u00ceN ACEST<\/p>\n<div class=\"entry-read-more\"><a class=\"read-more-link\" href=\"https:\/\/cnprsv.ro\/?page_id=2552\">Read More<span class=\"cleanwp-sr-only\">  G\u00e2nduri de olimpic<\/span><\/a><\/div>\n","protected":false},"author":1,"featured_media":0,"parent":0,"menu_order":6,"comment_status":"closed","ping_status":"open","template":"","meta":{"_editorskit_title_hidden":false,"_editorskit_reading_time":0,"_editorskit_is_block_options_detached":false,"_editorskit_block_options_position":"{}","footnotes":""},"class_list":["post-2552","page","type-page","status-publish","hentry"],"_links":{"self":[{"href":"https:\/\/cnprsv.ro\/index.php?rest_route=\/wp\/v2\/pages\/2552","targetHints":{"allow":["GET"]}}],"collection":[{"href":"https:\/\/cnprsv.ro\/index.php?rest_route=\/wp\/v2\/pages"}],"about":[{"href":"https:\/\/cnprsv.ro\/index.php?rest_route=\/wp\/v2\/types\/page"}],"author":[{"embeddable":true,"href":"https:\/\/cnprsv.ro\/index.php?rest_route=\/wp\/v2\/users\/1"}],"replies":[{"embeddable":true,"href":"https:\/\/cnprsv.ro\/index.php?rest_route=%2Fwp%2Fv2%2Fcomments&post=2552"}],"version-history":[{"count":2,"href":"https:\/\/cnprsv.ro\/index.php?rest_route=\/wp\/v2\/pages\/2552\/revisions"}],"predecessor-version":[{"id":5613,"href":"https:\/\/cnprsv.ro\/index.php?rest_route=\/wp\/v2\/pages\/2552\/revisions\/5613"}],"wp:attachment":[{"href":"https:\/\/cnprsv.ro\/index.php?rest_route=%2Fwp%2Fv2%2Fmedia&parent=2552"}],"curies":[{"name":"wp","href":"https:\/\/api.w.org\/{rel}","templated":true}]}}