{"id":6331,"date":"2015-12-31T12:57:44","date_gmt":"2015-12-31T10:57:44","guid":{"rendered":"http:\/\/cnprsv.ro\/?page_id=6331"},"modified":"2024-10-11T15:37:37","modified_gmt":"2024-10-11T13:37:37","slug":"premiul-oamenii-timpului-pentru-proiectul-alecart","status":"publish","type":"page","link":"https:\/\/cnprsv.ro\/?page_id=6331","title":{"rendered":"Premiul Oamenii Timpului pentru Proiectul ALECART"},"content":{"rendered":"<p>Proiectul ALECART, av\u00e2nd drept centru de greutate revista de atitudine cultural\u0103 ALECART, a fost onorat, prin <strong>domnul profesor<\/strong> <strong>Gheorghe C\u00ceRSTIAN<\/strong>, unul dintre coordonatorii s\u0103i, propus la categoria <strong>Literatur\u0103<\/strong>, cu <strong>Premiul Oamenii Timpului<\/strong>. Este cea mai \u00eenalt\u0103 distinc\u021bie acordat\u0103 p\u00e2n\u0103 \u00een prezent revistei ALECART. Distinc\u021bia a fost acordat\u0103 la <strong>Gala Extraordinar\u0103 a Campaniei \u201eOamenii Timpului\u201d<\/strong>, desf\u0103\u0219urat\u0103 la Ia\u0219i, \u00een spa\u021biul generos al Teatrului Na\u021bional \u201eVasile Alecsandri\u201d. De asemenea, domnului profesor <strong>Gheorghe C\u00ceRSTIAN <\/strong>i-a fost conferit de c\u0103tre <strong>Societatea Scriitorilor Bucovineni<\/strong> (pre\u0219edint\u0103, poeta Carmen Veronica Steiciuc) <strong>Premiul de Excelen\u021b\u0103<\/strong> pentru coordonarea Clubului de Poezie ALECART.<\/p>\n<p>&nbsp;<\/p>\n<p>\u201eJurizarea de la Oamenii Timpului a fost una dintre cele mai dificile din via\u021ba mea. Fiindc\u0103 aveam printre nominaliza\u021bi prieteni la care \u021bin enorm; fiindc\u0103 erau \u00een discu\u021bie c\u00e2teva c\u0103r\u021bi foarte bune, unele premiate de USR sau de Academie sau cu premii chiar mai serioase; fiindc\u0103 f\u0103cusem parte din jurii care premiaser\u0103 \u00een alte d\u0103\u021bi pe unii dintre nominaliza\u021bi, sau vorbisem la lansarea c\u0103r\u021bilor lor, sau scrisesem despre ei \u2013 a\u0219a \u00eenc\u00e2t \u0219i dac\u0103 ei luau acum premiu, \u0219i dac\u0103 nu luau\u00a0tot mi se p\u0103rea c\u0103 a\u0219 fi fost \u00een conflict de interese. \u00cen cele din urm\u0103, premiul s-a dus c\u0103tre un proiect literar \u2013 cel construit de profesorii Gheorghe C\u00eerstian, Nicoleta Munteanu &amp;\u00a0Emil Munteanu\u00a0\u00een jurul revistei ALECART. Sute de liceeni str\u0103lucitori fac din Alecart una dintre cele mai frumoase reviste europene; ALECART produce de cinci ani \u00eencoace mari promisiuni ale poeziei tinere; e acolo o efervescen\u021b\u0103 \u00eendr\u0103gostit\u0103 \u00een jurul literaturii care mi se pare unul dintre cele mai pre\u021bioase lucruri sublunare. Efervescen\u021ba aceasta, dragostea de literatur\u0103 care-i face aproape fosforescen\u021bi \u2013 ele au meritat premiul Alecart.\u00a0Felicit\u0103ri liceenilor de la ALECART, felicit\u0103ri profesorilor Gheorghe C\u00eerstian, Nicoleta Munteanu &amp; Emil Munteanu. E at\u00e2ta frumuse\u021be &amp; at\u00e2ta speran\u021b\u0103 \u00een ce fac ei.\u201d (<strong>Radu Vancu<\/strong>, membru al Juriului Na\u021bional \u201eOamenii Timpului\u201d\u2013 categoria Literatur\u0103)<\/p>\n<p>&nbsp;<\/p>\n<p>\u201ePremiul pentru literatur\u0103 a revenit unui proiect extraordinar, mo\u0219it de trei profesori curajo\u0219i de-a binelea, aproape disiden\u021bi, care \u0219i-au propus revolu\u021bia bunul scris: Nicoleta Munteanu,\u00a0Gheorghe C\u00eerstian, Emil Munteanu. \u0218i-au propus, deci, lucruri absolut incalificabile: \u00ee\u0219i \u00eenva\u021b\u0103 elevii s\u0103 scrie. Le predau liceenilor pietatea \u0219i grija fa\u021b\u0103 de scris, tandre\u021bea \u0219i s\u0103lb\u0103ticia cuv\u00e2ntului care \u00ee\u0219i caut\u0103 cuv\u00e2ntul. Scandalos, nu? Lucrurile astea nu se predau \u00een \u0219coal\u0103, totu\u0219i\u2026 Premiul pentru literatur\u0103 a ajuns la ALECART, revista de cultur\u0103 scrisa de elevi, care g\u0103zduie\u0219te \u0219i texte ale unor scriitori contemporani, interviuri de\u0219tepte, cronic\u0103 de carte, poezie. ALECART e \u0219i o agora a min\u021bilor frumoase, a spiritelor tari, a bucuriei de a-\u021bi \u00eent\u00e2lni \u00een scris sau \u00een viu scriitorii prefera\u021bi, de a-i \u00eentreba lucruri felurite. M-am bucurat integral pentru ALECART \u0219i cred ca asta e cea mai mare isprav\u0103: revolu\u021bia bunului scris pornit\u0103 din licee. \u0218i, cum eu am fost adoptat\u0103 \u00een cel mai frumos mod de ALECART prin textele mele g\u0103zduite \u00een paginile revistei \u0219i la \u00eent\u00e2lnirile cu liceenii, adaug bucuriei \u0219i un sentiment de apartenen\u021b\u0103: apartenen\u021b\u0103 la o monad\u0103 \u00een care se scrie \u0219i se cite\u0219te, poate, cea mai bun\u0103 dintre lumile posibile.\u201d (<strong>Roxana Dumitrache, <\/strong>absolvent\u0103 a Colegiului Na\u021bional \u201ePetru Rare\u0219\u201d, colaboratoare ALECART)<\/p>\n<p>&nbsp;<\/p>\n<p>\u201eLe mul\u021bumesc lui Emil Munteanu, ini\u021biatorul proiectului, \u0219i Nicoletei Munteanu pentru ideea propunerii \u0219i concretizarea ei \u00een Campania OAMENII TIMPULUI. \u00cencrederea lor \u00een \u0219ansa noastr\u0103 la categoria LITERATUR\u0102 a fost de bun augur. F\u0103r\u0103 ei, ALECART n-ar fi existat. Mul\u021bumesc, Emil! Mul\u021bumesc, Nicoleta! Le mul\u021bumesc membrilor Juriului Na\u021bional pentru nominalizare \u0219i pentru acordarea premiului. O nesperat\u0103 onoare \u0219i o mare bucurie. Onoarea vine din acceptarea prezen\u021bei mele \u00een aceea\u0219i sal\u0103 \u0219i pe aceea\u0219i scen\u0103, al\u0103turi de Domniile Voastre, membri ai Juriului \u0219i nominaliza\u021bi. Bucuria vine din recunoa\u0219terea public\u0103 a valorii proiectului nostru drag, ALECART. V\u0103 mul\u021bumesc! Mul\u021bumesc, drag\u0103 Tudor Berbinschi! Dac\u0103 revista ALECART arat\u0103 at\u00e2t de european, ca s\u0103 folosesc aprecierea Domnului Radu Vancu, aceasta se datoreaz\u0103 \u00een primul r\u00e2nd muncii st\u0103ruitoare a redactorului-\u0219ef, demn continuator al lui Virgil Horghidan, Art Director Alecart. Le mul\u021bumesc membrilor redac\u021biei mari \u0219i membrilor celor trei subredac\u021bii!\u00a0Le mul\u021bumesc, \u00een special, membrilor Clubului de Poezie ALECART! Poezie, bucurie&#8230; Le mul\u021bumesc tuturor alecartienilor, oriunde vor fi ei acum! Premiul acesta lor le apar\u021bine, de drept.\u201d<strong> (Gheorghe C\u00eerstian, <\/strong>coordonator ALECART<strong>)<\/strong><\/p>\n<p>&nbsp;<\/p>\n<div id='gallery-1' class='gallery galleryid-6331 gallery-columns-3 gallery-size-thumbnail'><figure class='gallery-item'>\n\t\t\t<div class='gallery-icon landscape'>\n\t\t\t\t<a href='https:\/\/cnprsv.ro\/?attachment_id=6324'><img loading=\"lazy\" decoding=\"async\" width=\"150\" height=\"150\" src=\"https:\/\/cnprsv.ro\/wp-content\/uploads\/2015\/12\/Poza_Premiu-150x150.jpg\" class=\"attachment-thumbnail size-thumbnail\" alt=\"\" \/><\/a>\n\t\t\t<\/div><\/figure><figure class='gallery-item'>\n\t\t\t<div class='gallery-icon portrait'>\n\t\t\t\t<a href='https:\/\/cnprsv.ro\/?attachment_id=6325'><img loading=\"lazy\" decoding=\"async\" width=\"150\" height=\"150\" src=\"https:\/\/cnprsv.ro\/wp-content\/uploads\/2015\/12\/Poza_Gheorghe_Cirstian-150x150.jpg\" class=\"attachment-thumbnail size-thumbnail\" alt=\"\" \/><\/a>\n\t\t\t<\/div><\/figure>\n\t\t<\/div>\n\n","protected":false},"excerpt":{"rendered":"<p>Proiectul ALECART, av\u00e2nd drept centru de greutate revista de atitudine cultural\u0103 ALECART, a fost onorat, prin domnul profesor Gheorghe C\u00ceRSTIAN, unul dintre coordonatorii s\u0103i, propus la categoria Literatur\u0103, cu Premiul Oamenii Timpului. Este cea mai \u00eenalt\u0103 distinc\u021bie acordat\u0103 p\u00e2n\u0103 \u00een<\/p>\n<div class=\"entry-read-more\"><a class=\"read-more-link\" href=\"https:\/\/cnprsv.ro\/?page_id=6331\">Read More<span class=\"cleanwp-sr-only\">  Premiul Oamenii Timpului pentru Proiectul ALECART<\/span><\/a><\/div>\n","protected":false},"author":1,"featured_media":0,"parent":1954,"menu_order":0,"comment_status":"closed","ping_status":"closed","template":"","meta":{"_editorskit_title_hidden":false,"_editorskit_reading_time":0,"_editorskit_is_block_options_detached":false,"_editorskit_block_options_position":"{}","footnotes":""},"class_list":["post-6331","page","type-page","status-publish","hentry"],"_links":{"self":[{"href":"https:\/\/cnprsv.ro\/index.php?rest_route=\/wp\/v2\/pages\/6331","targetHints":{"allow":["GET"]}}],"collection":[{"href":"https:\/\/cnprsv.ro\/index.php?rest_route=\/wp\/v2\/pages"}],"about":[{"href":"https:\/\/cnprsv.ro\/index.php?rest_route=\/wp\/v2\/types\/page"}],"author":[{"embeddable":true,"href":"https:\/\/cnprsv.ro\/index.php?rest_route=\/wp\/v2\/users\/1"}],"replies":[{"embeddable":true,"href":"https:\/\/cnprsv.ro\/index.php?rest_route=%2Fwp%2Fv2%2Fcomments&post=6331"}],"version-history":[{"count":1,"href":"https:\/\/cnprsv.ro\/index.php?rest_route=\/wp\/v2\/pages\/6331\/revisions"}],"predecessor-version":[{"id":6332,"href":"https:\/\/cnprsv.ro\/index.php?rest_route=\/wp\/v2\/pages\/6331\/revisions\/6332"}],"up":[{"embeddable":true,"href":"https:\/\/cnprsv.ro\/index.php?rest_route=\/wp\/v2\/pages\/1954"}],"wp:attachment":[{"href":"https:\/\/cnprsv.ro\/index.php?rest_route=%2Fwp%2Fv2%2Fmedia&parent=6331"}],"curies":[{"name":"wp","href":"https:\/\/api.w.org\/{rel}","templated":true}]}}